{"id":8,"date":"2020-11-26T13:54:51","date_gmt":"2020-11-26T13:54:51","guid":{"rendered":"https:\/\/grund.schaumwein.org\/?page_id=8"},"modified":"2020-11-26T13:54:51","modified_gmt":"2020-11-26T13:54:51","slug":"ueber-uns","status":"publish","type":"page","link":"https:\/\/grund.schaumwein.org\/index.php\/ueber-uns\/","title":{"rendered":"\u00dcber uns"},"content":{"rendered":"\n<p>M\u00f6glicherweise bist du k\u00fcnstlerisch t\u00e4tig und m\u00f6chtest dich und deine Arbeiten hier vorstellen. Oder hast du vielleicht ein Business mit einer Mission, die es zu beschreiben gilt?<\/p>\n","protected":false},"excerpt":{"rendered":"<p>M\u00f6glicherweise bist du k\u00fcnstlerisch t\u00e4tig und m\u00f6chtest dich und deine Arbeiten hier vorstellen. Oder hast du vielleicht ein Business mit einer Mission, die es zu beschreiben gilt?<\/p>\n","protected":false},"author":1,"featured_media":0,"parent":0,"menu_order":0,"comment_status":"closed","ping_status":"closed","template":"","meta":[],"yoast_head":"<!-- This site is optimized with the Yoast SEO plugin v15.3 - https:\/\/yoast.com\/wordpress\/plugins\/seo\/ -->\n<title>\u00dcber uns - Grund &amp; Schaumwein<\/title>\n<meta name=\"robots\" content=\"index, follow, max-snippet:-1, max-image-preview:large, max-video-preview:-1\" \/>\n<link rel=\"canonical\" href=\"https:\/\/grund.schaumwein.org\/index.php\/ueber-uns\/\" \/>\n<meta property=\"og:locale\" content=\"de_DE\" \/>\n<meta property=\"og:type\" content=\"article\" \/>\n<meta property=\"og:title\" content=\"\u00dcber uns - Grund &amp; Schaumwein\" \/>\n<meta property=\"og:description\" content=\"M\u00f6glicherweise bist du k\u00fcnstlerisch t\u00e4tig und m\u00f6chtest dich und deine Arbeiten hier vorstellen. Oder hast du vielleicht ein Business mit einer Mission, die es zu beschreiben gilt?\" \/>\n<meta property=\"og:url\" content=\"https:\/\/grund.schaumwein.org\/index.php\/ueber-uns\/\" \/>\n<meta property=\"og:site_name\" content=\"Grund &amp; Schaumwein\" \/>\n<meta name=\"twitter:card\" content=\"summary_large_image\" \/>\n<meta name=\"twitter:label1\" content=\"Verfasst von\">\n\t<meta name=\"twitter:data1\" content=\"admin\">\n\t<meta name=\"twitter:label2\" content=\"Gesch\u00e4tzte Lesezeit\">\n\t<meta name=\"twitter:data2\" content=\"0\u00a0Minuten\">\n<script type=\"application\/ld+json\" class=\"yoast-schema-graph\">{\"@context\":\"https:\/\/schema.org\",\"@graph\":[{\"@type\":\"WebSite\",\"@id\":\"https:\/\/grund.schaumwein.org\/#website\",\"url\":\"https:\/\/grund.schaumwein.org\/\",\"name\":\"Grund &amp; Schaumwein\",\"description\":\"Hirsch Netzer Prantl Schmid GbR\",\"potentialAction\":[{\"@type\":\"SearchAction\",\"target\":\"https:\/\/grund.schaumwein.org\/?s={search_term_string}\",\"query-input\":\"required name=search_term_string\"}],\"inLanguage\":\"de\"},{\"@type\":\"WebPage\",\"@id\":\"https:\/\/grund.schaumwein.org\/index.php\/ueber-uns\/#webpage\",\"url\":\"https:\/\/grund.schaumwein.org\/index.php\/ueber-uns\/\",\"name\":\"\\u00dcber uns - Grund &amp; Schaumwein\",\"isPartOf\":{\"@id\":\"https:\/\/grund.schaumwein.org\/#website\"},\"datePublished\":\"2020-11-26T13:54:51+00:00\",\"dateModified\":\"2020-11-26T13:54:51+00:00\",\"inLanguage\":\"de\",\"potentialAction\":[{\"@type\":\"ReadAction\",\"target\":[\"https:\/\/grund.schaumwein.org\/index.php\/ueber-uns\/\"]}]}]}<\/script>\n<!-- \/ Yoast SEO plugin. -->","_links":{"self":[{"href":"https:\/\/grund.schaumwein.org\/index.php\/wp-json\/wp\/v2\/pages\/8"}],"collection":[{"href":"https:\/\/grund.schaumwein.org\/index.php\/wp-json\/wp\/v2\/pages"}],"about":[{"href":"https:\/\/grund.schaumwein.org\/index.php\/wp-json\/wp\/v2\/types\/page"}],"author":[{"embeddable":true,"href":"https:\/\/grund.schaumwein.org\/index.php\/wp-json\/wp\/v2\/users\/1"}],"replies":[{"embeddable":true,"href":"https:\/\/grund.schaumwein.org\/index.php\/wp-json\/wp\/v2\/comments?post=8"}],"version-history":[{"count":1,"href":"https:\/\/grund.schaumwein.org\/index.php\/wp-json\/wp\/v2\/pages\/8\/revisions"}],"predecessor-version":[{"id":13,"href":"https:\/\/grund.schaumwein.org\/index.php\/wp-json\/wp\/v2\/pages\/8\/revisions\/13"}],"wp:attachment":[{"href":"https:\/\/grund.schaumwein.org\/index.php\/wp-json\/wp\/v2\/media?parent=8"}],"curies":[{"name":"wp","href":"https:\/\/api.w.org\/{rel}","templated":true}]}}